{"id":6035,"date":"2024-10-18T06:48:22","date_gmt":"2024-10-18T04:48:22","guid":{"rendered":"http:\/\/canix.cat\/venues\/"},"modified":"2024-10-18T06:48:22","modified_gmt":"2024-10-18T04:48:22","slug":"venues","status":"publish","type":"page","link":"https:\/\/canix.cat\/es\/venues\/","title":{"rendered":"Venuas"},"content":{"rendered":"<div class=\"emagic\">\r\n<div class=\"ep-event-venues-container ep-mb-5\" id=\"ep-event-venues-container\">\r\n    \r\n    \r\n            <div class=\"em_venues dbfl\">\r\n            <div class=\"ep-box-wrap ep-event-venues-grid-container\">\r\n                <div id=\"ep-event-venues-loader-section\" class=\"ep-box-row ep-box-top ep-venue-grid-wrap\">\r\n                        <div class=\"ep-box-col-12 ep-col-md-6 ep-mb-3 ep-venue-col-section\">\r\n        <div class=\"ep-box-card-item\">\r\n            <div class=\"ep-box-card-thumb\" >\r\n                <a href=\"https:\/\/canix.cat\/es\/venues\/?venue=156\" class=\"ep-img-link\">\r\n                    <img decoding=\"async\" src=\"https:\/\/canix.cat\/wp-content\/plugins\/eventprime-event-calendar-management\/admin\/partials\/images\/dummy_image.png\" alt=\"Alfara de Carles\">\r\n                <\/a>\r\n            <\/div>\r\n            <div class=\"ep-box-card-content ep-p-3 ep-bg-white\">\r\n                <div class=\"ep-box-title ep-box-card-title ep-text-truncate ep-mb-2\">\r\n                    <a href=\"https:\/\/canix.cat\/es\/venues\/?venue=156\" class=\"ep-fw-bold ep-fs-6\">\r\n                        Alfara de Carlos                    <\/a>\r\n                <\/div>\r\n                \r\n                <div class=\"ep-box-card-venue ep-card-venue ep-text-muted ep-text-small ep-text-truncate ep-mb-1\">\r\n                    Alfara de Carlos, Espa\u00f1a                <\/div>\r\n                \r\n                <div class=\"ep-venue-seating-capacity ep-event-details ep-text-small ep-d-flex ep-justify-content-between\">\r\n                                            <div class=\"ep-event-attr-name ep-fw-bold\">Type : Standing<\/div>\r\n                                        <\/div>\r\n            <\/div>\r\n        <\/div>\r\n    <\/div>    <div class=\"ep-box-col-12 ep-col-md-6 ep-mb-3 ep-venue-col-section\">\r\n        <div class=\"ep-box-card-item\">\r\n            <div class=\"ep-box-card-thumb\" >\r\n                <a href=\"https:\/\/canix.cat\/es\/venues\/?venue=153\" class=\"ep-img-link\">\r\n                    <img decoding=\"async\" src=\"https:\/\/canix.cat\/wp-content\/plugins\/eventprime-event-calendar-management\/admin\/partials\/images\/dummy_image.png\" alt=\"Vacarisses\">\r\n                <\/a>\r\n            <\/div>\r\n            <div class=\"ep-box-card-content ep-p-3 ep-bg-white\">\r\n                <div class=\"ep-box-title ep-box-card-title ep-text-truncate ep-mb-2\">\r\n                    <a href=\"https:\/\/canix.cat\/es\/venues\/?venue=153\" class=\"ep-fw-bold ep-fs-6\">\r\n                        Vacarizas                    <\/a>\r\n                <\/div>\r\n                \r\n                <div class=\"ep-box-card-venue ep-card-venue ep-text-muted ep-text-small ep-text-truncate ep-mb-1\">\r\n                    Ayuntamiento de Vacarisses, Calle Pau Casals, Vacarisses, Espa\u00f1a                <\/div>\r\n                \r\n                <div class=\"ep-venue-seating-capacity ep-event-details ep-text-small ep-d-flex ep-justify-content-between\">\r\n                                            <div class=\"ep-event-attr-name ep-fw-bold\">Type : Standing<\/div>\r\n                                        <\/div>\r\n            <\/div>\r\n        <\/div>\r\n    <\/div>    <div class=\"ep-box-col-12 ep-col-md-6 ep-mb-3 ep-venue-col-section\">\r\n        <div class=\"ep-box-card-item\">\r\n            <div class=\"ep-box-card-thumb\" >\r\n                <a href=\"https:\/\/canix.cat\/es\/venues\/?venue=137\" class=\"ep-img-link\">\r\n                    <img decoding=\"async\" src=\"https:\/\/canix.cat\/wp-content\/plugins\/eventprime-event-calendar-management\/admin\/partials\/images\/dummy_image.png\" alt=\"Hostalric\">\r\n                <\/a>\r\n            <\/div>\r\n            <div class=\"ep-box-card-content ep-p-3 ep-bg-white\">\r\n                <div class=\"ep-box-title ep-box-card-title ep-text-truncate ep-mb-2\">\r\n                    <a href=\"https:\/\/canix.cat\/es\/venues\/?venue=137\" class=\"ep-fw-bold ep-fs-6\">\r\n                        Hostalric                    <\/a>\r\n                <\/div>\r\n                \r\n                <div class=\"ep-box-card-venue ep-card-venue ep-text-muted ep-text-small ep-text-truncate ep-mb-1\">\r\n                    Campo Municipal de Hostalric, Calle V\u00eda Romana, Hostalric, Espa\u00f1a                <\/div>\r\n                \r\n                <div class=\"ep-venue-seating-capacity ep-event-details ep-text-small ep-d-flex ep-justify-content-between\">\r\n                                            <div class=\"ep-event-attr-name ep-fw-bold\">Type : Standing<\/div>\r\n                                        <\/div>\r\n            <\/div>\r\n        <\/div>\r\n    <\/div>    <div class=\"ep-box-col-12 ep-col-md-6 ep-mb-3 ep-venue-col-section\">\r\n        <div class=\"ep-box-card-item\">\r\n            <div class=\"ep-box-card-thumb\" >\r\n                <a href=\"https:\/\/canix.cat\/es\/venues\/?venue=135\" class=\"ep-img-link\">\r\n                    <img decoding=\"async\" src=\"https:\/\/canix.cat\/wp-content\/plugins\/eventprime-event-calendar-management\/admin\/partials\/images\/dummy_image.png\" alt=\"Olot\">\r\n                <\/a>\r\n            <\/div>\r\n            <div class=\"ep-box-card-content ep-p-3 ep-bg-white\">\r\n                <div class=\"ep-box-title ep-box-card-title ep-text-truncate ep-mb-2\">\r\n                    <a href=\"https:\/\/canix.cat\/es\/venues\/?venue=135\" class=\"ep-fw-bold ep-fs-6\">\r\n                        Olot                    <\/a>\r\n                <\/div>\r\n                \r\n                <div class=\"ep-box-card-venue ep-card-venue ep-text-muted ep-text-small ep-text-truncate ep-mb-1\">\r\n                    Calle Tren de Olot, Olot, Espa\u00f1a                <\/div>\r\n                \r\n                <div class=\"ep-venue-seating-capacity ep-event-details ep-text-small ep-d-flex ep-justify-content-between\">\r\n                                            <div class=\"ep-event-attr-name ep-fw-bold\">Type : Standing<\/div>\r\n                                        <\/div>\r\n            <\/div>\r\n        <\/div>\r\n    <\/div>    <div class=\"ep-box-col-12 ep-col-md-6 ep-mb-3 ep-venue-col-section\">\r\n        <div class=\"ep-box-card-item\">\r\n            <div class=\"ep-box-card-thumb\" >\r\n                <a href=\"https:\/\/canix.cat\/es\/venues\/?venue=134\" class=\"ep-img-link\">\r\n                    <img decoding=\"async\" src=\"https:\/\/canix.cat\/wp-content\/plugins\/eventprime-event-calendar-management\/admin\/partials\/images\/dummy_image.png\" alt=\"La nou del bergued\u00e0\">\r\n                <\/a>\r\n            <\/div>\r\n            <div class=\"ep-box-card-content ep-p-3 ep-bg-white\">\r\n                <div class=\"ep-box-title ep-box-card-title ep-text-truncate ep-mb-2\">\r\n                    <a href=\"https:\/\/canix.cat\/es\/venues\/?venue=134\" class=\"ep-fw-bold ep-fs-6\">\r\n                        La nuez del bergued\u00e1                    <\/a>\r\n                <\/div>\r\n                \r\n                <div class=\"ep-box-card-venue ep-card-venue ep-text-muted ep-text-small ep-text-truncate ep-mb-1\">\r\n                    La Nou de Bergued\u00e0, Espa\u00f1a                <\/div>\r\n                \r\n                <div class=\"ep-venue-seating-capacity ep-event-details ep-text-small ep-d-flex ep-justify-content-between\">\r\n                                            <div class=\"ep-event-attr-name ep-fw-bold\">Type : Standing<\/div>\r\n                                        <\/div>\r\n            <\/div>\r\n        <\/div>\r\n    <\/div>    <div class=\"ep-box-col-12 ep-col-md-6 ep-mb-3 ep-venue-col-section\">\r\n        <div class=\"ep-box-card-item\">\r\n            <div class=\"ep-box-card-thumb\" >\r\n                <a href=\"https:\/\/canix.cat\/es\/venues\/?venue=133\" class=\"ep-img-link\">\r\n                    <img decoding=\"async\" src=\"https:\/\/canix.cat\/wp-content\/plugins\/eventprime-event-calendar-management\/admin\/partials\/images\/dummy_image.png\" alt=\"Caldes de Malavella\">\r\n                <\/a>\r\n            <\/div>\r\n            <div class=\"ep-box-card-content ep-p-3 ep-bg-white\">\r\n                <div class=\"ep-box-title ep-box-card-title ep-text-truncate ep-mb-2\">\r\n                    <a href=\"https:\/\/canix.cat\/es\/venues\/?venue=133\" class=\"ep-fw-bold ep-fs-6\">\r\n                        Caldes de Malavella                    <\/a>\r\n                <\/div>\r\n                \r\n                <div class=\"ep-box-card-venue ep-card-venue ep-text-muted ep-text-small ep-text-truncate ep-mb-1\">\r\n                    Rambla de Ruf\u00ed, Caldes de Malavella, Espa\u00f1a                <\/div>\r\n                \r\n                <div class=\"ep-venue-seating-capacity ep-event-details ep-text-small ep-d-flex ep-justify-content-between\">\r\n                                            <div class=\"ep-event-attr-name ep-fw-bold\">Type : Standing<\/div>\r\n                                        <\/div>\r\n            <\/div>\r\n        <\/div>\r\n    <\/div>    <div class=\"ep-box-col-12 ep-col-md-6 ep-mb-3 ep-venue-col-section\">\r\n        <div class=\"ep-box-card-item\">\r\n            <div class=\"ep-box-card-thumb\" >\r\n                <a href=\"https:\/\/canix.cat\/es\/venues\/?venue=132\" class=\"ep-img-link\">\r\n                    <img decoding=\"async\" src=\"https:\/\/canix.cat\/wp-content\/plugins\/eventprime-event-calendar-management\/admin\/partials\/images\/dummy_image.png\" alt=\"La S\u00e8nia\">\r\n                <\/a>\r\n            <\/div>\r\n            <div class=\"ep-box-card-content ep-p-3 ep-bg-white\">\r\n                <div class=\"ep-box-title ep-box-card-title ep-text-truncate ep-mb-2\">\r\n                    <a href=\"https:\/\/canix.cat\/es\/venues\/?venue=132\" class=\"ep-fw-bold ep-fs-6\">\r\n                        La Senia                    <\/a>\r\n                <\/div>\r\n                \r\n                <div class=\"ep-box-card-venue ep-card-venue ep-text-muted ep-text-small ep-text-truncate ep-mb-1\">\r\n                    Pabell\u00f3n Polideportivo Municipal, Calle Domenges, La S\u00e9nia, Espa\u00f1a                <\/div>\r\n                \r\n                <div class=\"ep-venue-seating-capacity ep-event-details ep-text-small ep-d-flex ep-justify-content-between\">\r\n                                            <div class=\"ep-event-attr-name ep-fw-bold\">Type : Standing<\/div>\r\n                                        <\/div>\r\n            <\/div>\r\n        <\/div>\r\n    <\/div>    <div class=\"ep-box-col-12 ep-col-md-6 ep-mb-3 ep-venue-col-section\">\r\n        <div class=\"ep-box-card-item\">\r\n            <div class=\"ep-box-card-thumb\" >\r\n                <a href=\"https:\/\/canix.cat\/es\/venues\/?venue=131\" class=\"ep-img-link\">\r\n                    <img decoding=\"async\" src=\"https:\/\/canix.cat\/wp-content\/plugins\/eventprime-event-calendar-management\/admin\/partials\/images\/dummy_image.png\" alt=\"Amposta\">\r\n                <\/a>\r\n            <\/div>\r\n            <div class=\"ep-box-card-content ep-p-3 ep-bg-white\">\r\n                <div class=\"ep-box-title ep-box-card-title ep-text-truncate ep-mb-2\">\r\n                    <a href=\"https:\/\/canix.cat\/es\/venues\/?venue=131\" class=\"ep-fw-bold ep-fs-6\">\r\n                        Amposta                    <\/a>\r\n                <\/div>\r\n                \r\n                <div class=\"ep-box-card-venue ep-card-venue ep-text-muted ep-text-small ep-text-truncate ep-mb-1\">\r\n                    Tiempo de tierra, Amposta, Espa\u00f1a                <\/div>\r\n                \r\n                <div class=\"ep-venue-seating-capacity ep-event-details ep-text-small ep-d-flex ep-justify-content-between\">\r\n                                            <div class=\"ep-event-attr-name ep-fw-bold\">Type : Standing<\/div>\r\n                                        <\/div>\r\n            <\/div>\r\n        <\/div>\r\n    <\/div>    <div class=\"ep-box-col-12 ep-col-md-6 ep-mb-3 ep-venue-col-section\">\r\n        <div class=\"ep-box-card-item\">\r\n            <div class=\"ep-box-card-thumb\" >\r\n                <a href=\"https:\/\/canix.cat\/es\/venues\/?venue=130\" class=\"ep-img-link\">\r\n                    <img decoding=\"async\" src=\"https:\/\/canix.cat\/wp-content\/plugins\/eventprime-event-calendar-management\/admin\/partials\/images\/dummy_image.png\" alt=\"Massanes\">\r\n                <\/a>\r\n            <\/div>\r\n            <div class=\"ep-box-card-content ep-p-3 ep-bg-white\">\r\n                <div class=\"ep-box-title ep-box-card-title ep-text-truncate ep-mb-2\">\r\n                    <a href=\"https:\/\/canix.cat\/es\/venues\/?venue=130\" class=\"ep-fw-bold ep-fs-6\">\r\n                        Masanas                    <\/a>\r\n                <\/div>\r\n                \r\n                <div class=\"ep-box-card-venue ep-card-venue ep-text-muted ep-text-small ep-text-truncate ep-mb-1\">\r\n                    Instalaci\u00f3n deportiva, Massanes, Espa\u00f1a                <\/div>\r\n                \r\n                <div class=\"ep-venue-seating-capacity ep-event-details ep-text-small ep-d-flex ep-justify-content-between\">\r\n                                            <div class=\"ep-event-attr-name ep-fw-bold\">Type : Standing<\/div>\r\n                                        <\/div>\r\n            <\/div>\r\n        <\/div>\r\n    <\/div>    <div class=\"ep-box-col-12 ep-col-md-6 ep-mb-3 ep-venue-col-section\">\r\n        <div class=\"ep-box-card-item\">\r\n            <div class=\"ep-box-card-thumb\" >\r\n                <a href=\"https:\/\/canix.cat\/es\/venues\/?venue=129\" class=\"ep-img-link\">\r\n                    <img decoding=\"async\" src=\"https:\/\/canix.cat\/wp-content\/plugins\/eventprime-event-calendar-management\/admin\/partials\/images\/dummy_image.png\" alt=\"Vidreres\">\r\n                <\/a>\r\n            <\/div>\r\n            <div class=\"ep-box-card-content ep-p-3 ep-bg-white\">\r\n                <div class=\"ep-box-title ep-box-card-title ep-text-truncate ep-mb-2\">\r\n                    <a href=\"https:\/\/canix.cat\/es\/venues\/?venue=129\" class=\"ep-fw-bold ep-fs-6\">\r\n                        Cristaleras                    <\/a>\r\n                <\/div>\r\n                \r\n                <div class=\"ep-box-card-venue ep-card-venue ep-text-muted ep-text-small ep-text-truncate ep-mb-1\">\r\n                    Pabell\u00f3n Municipal de Vidreres, Pabell\u00f3n Deportivo, Calle Lloret, Vidreres, Espa\u00f1a                <\/div>\r\n                \r\n                <div class=\"ep-venue-seating-capacity ep-event-details ep-text-small ep-d-flex ep-justify-content-between\">\r\n                                            <div class=\"ep-event-attr-name ep-fw-bold\">Type : Standing<\/div>\r\n                                        <\/div>\r\n            <\/div>\r\n        <\/div>\r\n    <\/div>                <\/div>\r\n            <\/div>\r\n        <\/div>\r\n    <\/div><\/div>","protected":false},"excerpt":{"rendered":"","protected":false},"author":3,"featured_media":0,"parent":0,"menu_order":0,"comment_status":"closed","ping_status":"closed","template":"","meta":{"_joinchat":[],"footnotes":""},"class_list":["post-6035","page","type-page","status-publish","hentry"],"yoast_head":"<!-- This site is optimized with the Yoast SEO plugin v27.5 - https:\/\/yoast.com\/product\/yoast-seo-wordpress\/ -->\n<title>Venues - CaniX<\/title>\n<meta name=\"robots\" content=\"index, follow, max-snippet:-1, max-image-preview:large, max-video-preview:-1\" \/>\n<link rel=\"canonical\" href=\"https:\/\/canix.cat\/es\/venues\/\" \/>\n<meta property=\"og:locale\" content=\"es_ES\" \/>\n<meta property=\"og:type\" content=\"article\" \/>\n<meta property=\"og:title\" content=\"Venues - CaniX\" \/>\n<meta property=\"og:url\" content=\"https:\/\/canix.cat\/es\/venues\/\" \/>\n<meta property=\"og:site_name\" content=\"CaniX\" \/>\n<meta property=\"article:publisher\" content=\"https:\/\/www.facebook.com\/canixcat\" \/>\n<meta name=\"twitter:card\" content=\"summary_large_image\" \/>\n<script type=\"application\/ld+json\" class=\"yoast-schema-graph\">{\"@context\":\"https:\\\/\\\/schema.org\",\"@graph\":[{\"@type\":\"WebPage\",\"@id\":\"https:\\\/\\\/canix.cat\\\/venues\\\/\",\"url\":\"https:\\\/\\\/canix.cat\\\/venues\\\/\",\"name\":\"Venues - CaniX\",\"isPartOf\":{\"@id\":\"https:\\\/\\\/canix.cat\\\/#website\"},\"datePublished\":\"2024-10-18T04:48:22+00:00\",\"breadcrumb\":{\"@id\":\"https:\\\/\\\/canix.cat\\\/venues\\\/#breadcrumb\"},\"inLanguage\":\"es\",\"potentialAction\":[{\"@type\":\"ReadAction\",\"target\":[\"https:\\\/\\\/canix.cat\\\/venues\\\/\"]}]},{\"@type\":\"BreadcrumbList\",\"@id\":\"https:\\\/\\\/canix.cat\\\/venues\\\/#breadcrumb\",\"itemListElement\":[{\"@type\":\"ListItem\",\"position\":1,\"name\":\"Portada\",\"item\":\"https:\\\/\\\/canix.cat\\\/\"},{\"@type\":\"ListItem\",\"position\":2,\"name\":\"Venues\"}]},{\"@type\":\"WebSite\",\"@id\":\"https:\\\/\\\/canix.cat\\\/#website\",\"url\":\"https:\\\/\\\/canix.cat\\\/\",\"name\":\"CaniX\",\"description\":\"Equipament per a gossos esportistes\",\"publisher\":{\"@id\":\"https:\\\/\\\/canix.cat\\\/#organization\"},\"potentialAction\":[{\"@type\":\"SearchAction\",\"target\":{\"@type\":\"EntryPoint\",\"urlTemplate\":\"https:\\\/\\\/canix.cat\\\/?s={search_term_string}\"},\"query-input\":{\"@type\":\"PropertyValueSpecification\",\"valueRequired\":true,\"valueName\":\"search_term_string\"}}],\"inLanguage\":\"es\"},{\"@type\":\"Organization\",\"@id\":\"https:\\\/\\\/canix.cat\\\/#organization\",\"name\":\"CaniX\",\"url\":\"https:\\\/\\\/canix.cat\\\/\",\"logo\":{\"@type\":\"ImageObject\",\"inLanguage\":\"es\",\"@id\":\"https:\\\/\\\/canix.cat\\\/#\\\/schema\\\/logo\\\/image\\\/\",\"url\":\"https:\\\/\\\/canix.cat\\\/wp-content\\\/uploads\\\/2024\\\/11\\\/logo-canix-sardinian-1.png\",\"contentUrl\":\"https:\\\/\\\/canix.cat\\\/wp-content\\\/uploads\\\/2024\\\/11\\\/logo-canix-sardinian-1.png\",\"width\":350,\"height\":201,\"caption\":\"CaniX\"},\"image\":{\"@id\":\"https:\\\/\\\/canix.cat\\\/#\\\/schema\\\/logo\\\/image\\\/\"},\"sameAs\":[\"https:\\\/\\\/www.facebook.com\\\/canixcat\",\"https:\\\/\\\/www.instagram.com\\\/canixcat\"]}]}<\/script>\n<!-- \/ Yoast SEO plugin. -->","yoast_head_json":{"title":"Venues - CaniX","robots":{"index":"index","follow":"follow","max-snippet":"max-snippet:-1","max-image-preview":"max-image-preview:large","max-video-preview":"max-video-preview:-1"},"canonical":"https:\/\/canix.cat\/es\/venues\/","og_locale":"es_ES","og_type":"article","og_title":"Venues - CaniX","og_url":"https:\/\/canix.cat\/es\/venues\/","og_site_name":"CaniX","article_publisher":"https:\/\/www.facebook.com\/canixcat","twitter_card":"summary_large_image","schema":{"@context":"https:\/\/schema.org","@graph":[{"@type":"WebPage","@id":"https:\/\/canix.cat\/venues\/","url":"https:\/\/canix.cat\/venues\/","name":"Venues - CaniX","isPartOf":{"@id":"https:\/\/canix.cat\/#website"},"datePublished":"2024-10-18T04:48:22+00:00","breadcrumb":{"@id":"https:\/\/canix.cat\/venues\/#breadcrumb"},"inLanguage":"es","potentialAction":[{"@type":"ReadAction","target":["https:\/\/canix.cat\/venues\/"]}]},{"@type":"BreadcrumbList","@id":"https:\/\/canix.cat\/venues\/#breadcrumb","itemListElement":[{"@type":"ListItem","position":1,"name":"Portada","item":"https:\/\/canix.cat\/"},{"@type":"ListItem","position":2,"name":"Venues"}]},{"@type":"WebSite","@id":"https:\/\/canix.cat\/#website","url":"https:\/\/canix.cat\/","name":"CaniX","description":"Equipamiento para perros deportistas","publisher":{"@id":"https:\/\/canix.cat\/#organization"},"potentialAction":[{"@type":"SearchAction","target":{"@type":"EntryPoint","urlTemplate":"https:\/\/canix.cat\/?s={search_term_string}"},"query-input":{"@type":"PropertyValueSpecification","valueRequired":true,"valueName":"search_term_string"}}],"inLanguage":"es"},{"@type":"Organization","@id":"https:\/\/canix.cat\/#organization","name":"CaniX","url":"https:\/\/canix.cat\/","logo":{"@type":"ImageObject","inLanguage":"es","@id":"https:\/\/canix.cat\/#\/schema\/logo\/image\/","url":"https:\/\/canix.cat\/wp-content\/uploads\/2024\/11\/logo-canix-sardinian-1.png","contentUrl":"https:\/\/canix.cat\/wp-content\/uploads\/2024\/11\/logo-canix-sardinian-1.png","width":350,"height":201,"caption":"CaniX"},"image":{"@id":"https:\/\/canix.cat\/#\/schema\/logo\/image\/"},"sameAs":["https:\/\/www.facebook.com\/canixcat","https:\/\/www.instagram.com\/canixcat"]}]}},"_links":{"self":[{"href":"https:\/\/canix.cat\/es\/wp-json\/wp\/v2\/pages\/6035","targetHints":{"allow":["GET"]}}],"collection":[{"href":"https:\/\/canix.cat\/es\/wp-json\/wp\/v2\/pages"}],"about":[{"href":"https:\/\/canix.cat\/es\/wp-json\/wp\/v2\/types\/page"}],"author":[{"embeddable":true,"href":"https:\/\/canix.cat\/es\/wp-json\/wp\/v2\/users\/3"}],"replies":[{"embeddable":true,"href":"https:\/\/canix.cat\/es\/wp-json\/wp\/v2\/comments?post=6035"}],"version-history":[{"count":0,"href":"https:\/\/canix.cat\/es\/wp-json\/wp\/v2\/pages\/6035\/revisions"}],"wp:attachment":[{"href":"https:\/\/canix.cat\/es\/wp-json\/wp\/v2\/media?parent=6035"}],"curies":[{"name":"wp","href":"https:\/\/api.w.org\/{rel}","templated":true}]}}